{"id":2,"date":"2023-09-14T23:04:32","date_gmt":"2023-09-14T21:04:32","guid":{"rendered":"http:\/\/raphaelmoraly.com\/?page_id=2"},"modified":"2026-01-04T00:09:17","modified_gmt":"2026-01-03T23:09:17","slug":"page-d-exemple","status":"publish","type":"page","link":"https:\/\/raphaelmoraly.com\/index.php\/page-d-exemple\/","title":{"rendered":"biographie"},"content":{"rendered":"\n<p>Rapha\u00ebl&nbsp;Moraly est un violoncelliste et p\u00e9dagogue reconnu pour ses activit\u00e9s artistiques vari\u00e9es et son engagement dans la promotion du r\u00e9pertoire ancien et contemporain. Il s&#8217;est distingu\u00e9 par ses performances en soliste, en musique de chambre, par ses collaborations avec des ensembles renomm\u00e9s et par son d\u00e9vouement \u00e0 l&#8217;enseignement. Sa carri\u00e8re est marqu\u00e9e par une passion ind\u00e9fectible pour la transmission de la musique, qu&#8217;il exprime tant sur sc\u00e8ne qu&#8217;en tant que p\u00e9dagogue.<\/p>\n\n\n\n<p>Depuis 2020,&nbsp;Rapha\u00ebl&nbsp;Moraly est membre du Quatuor Odyss\u00e9e. Avec cet ensemble, il explore un r\u00e9pertoire riche et diversifi\u00e9, alliant musique classique et contemporaine. Il est \u00e9galement actif dans le domaine de la musique ancienne, jouant du violoncelle baroque avec l&#8217;ensemble \u00ab Les Folies Fran\u00e7oises \u00bb de 2017 \u00e0 2024, participant \u00e0 de nombreux enregistrements et concerts dans des lieux prestigieux comme Paris, Versailles, Orl\u00e9ans, P\u00e9rigueux et Monaco.<\/p>\n\n\n\n<p>En musique contemporaine,&nbsp;Rapha\u00ebl&nbsp;Moraly est membre de l&#8217;ensemble Nomos et de l&#8217;ensemble \u00ab Les Possibles \u00bb. Avec le Quatuor Odyss\u00e9e, il d\u00e9fend activement la cr\u00e9ation contemporaine.<\/p>\n\n\n\n<p>En tant que soliste,&nbsp;Rapha\u00ebl&nbsp;Moraly a eu l&#8217;occasion de se produire avec le \u00ab Loh-Orchester Sondershausen \u00bb sous la direction de GMD Markus L. Franck, le SSO Stuttgart sous la direction de Christoph Wagner, la Symphonie Parisienne, l&#8217;Orchestre du Conservatoire Charles Munch de Paris et l&#8217;Orchestre Philharmonique de l&#8217;Oise.<\/p>\n\n\n\n<p>Rapha\u00ebl&nbsp;Moraly a suivi une formation acad\u00e9mique prestigieuse, couronn\u00e9e par un master de violoncelle \u00e0 la Hochschule f\u00fcr Musik Hanns Eisler de Berlin, dans la classe de Claudio Bohorquez, et un master de violoncelle baroque \u00e0 la Schola Cantorum Basiliensis dans la classe de Christophe Coin. Il est acad\u00e9miste au sein de la \u00abOrff-Akademie des M\u00fcnchner Rundfunkorchesters 2015&nbsp;\u00bb. En 2015, il remporte le Premier Prix du Concours International de Musique Don Vicenzo Vitti et le Premier Prix du Concours Carl Wendling de Musique de Chambre en 2016. Il a eu comme mentors des grands artistes tels que Fran\u00e7ois Poly, Jean-Marie Gamard, Marie-Paule Milone, Adriana Contino, Daniel Grosgurin, Claudio Bohorquez et Christophe Coin, et en musique de chambre, Gerhard Schulz du Quatuor Alban Berg, Eberhard Feltz, le Quatuor Art\u00e9mis et le Melos Quartett.<\/p>\n\n\n\n<p>Depuis mars 2023,&nbsp;Rapha\u00ebl&nbsp;Moraly enseigne au Conservatoire Municipal du 11e Arrondissement Charles Munch de Paris, apr\u00e8s avoir \u00e9t\u00e9 professeur de violoncelle au Conservatoire \u00e0 Rayonnement R\u00e9gional de Cergy-Pontoise.<\/p>\n","protected":false},"excerpt":{"rendered":"<p>Rapha\u00ebl&nbsp;Moraly est un violoncelliste et p\u00e9dagogue reconnu pour ses activit\u00e9s artistiques vari\u00e9es et son engagement dans la promotion du r\u00e9pertoire ancien et contemporain. Il s&#8217;est distingu\u00e9 par ses performances en<\/p>\n<p class=\"more-link\"><a href=\"https:\/\/raphaelmoraly.com\/index.php\/page-d-exemple\/\" class=\"readmore\">Continue reading<svg class=\"icon icon-arrow-right\" aria-hidden=\"true\" role=\"img\"> <use href=\"#icon-arrow-right\" xlink:href=\"#icon-arrow-right\"><\/use> <\/svg><span class=\"screen-reader-text\">biographie<\/span><\/a><\/p>\n","protected":false},"author":1,"featured_media":0,"parent":0,"menu_order":0,"comment_status":"closed","ping_status":"open","template":"","meta":{"footnotes":""},"class_list":["post-2","page","type-page","status-publish","hentry"],"_links":{"self":[{"href":"https:\/\/raphaelmoraly.com\/index.php\/wp-json\/wp\/v2\/pages\/2","targetHints":{"allow":["GET"]}}],"collection":[{"href":"https:\/\/raphaelmoraly.com\/index.php\/wp-json\/wp\/v2\/pages"}],"about":[{"href":"https:\/\/raphaelmoraly.com\/index.php\/wp-json\/wp\/v2\/types\/page"}],"author":[{"embeddable":true,"href":"https:\/\/raphaelmoraly.com\/index.php\/wp-json\/wp\/v2\/users\/1"}],"replies":[{"embeddable":true,"href":"https:\/\/raphaelmoraly.com\/index.php\/wp-json\/wp\/v2\/comments?post=2"}],"version-history":[{"count":4,"href":"https:\/\/raphaelmoraly.com\/index.php\/wp-json\/wp\/v2\/pages\/2\/revisions"}],"predecessor-version":[{"id":185,"href":"https:\/\/raphaelmoraly.com\/index.php\/wp-json\/wp\/v2\/pages\/2\/revisions\/185"}],"wp:attachment":[{"href":"https:\/\/raphaelmoraly.com\/index.php\/wp-json\/wp\/v2\/media?parent=2"}],"curies":[{"name":"wp","href":"https:\/\/api.w.org\/{rel}","templated":true}]}}